{"id":128657,"date":"2026-04-03T09:18:16","date_gmt":"2026-04-03T07:18:16","guid":{"rendered":"https:\/\/dedienne-aero.com\/?post_type=job-offers&#038;p=128657"},"modified":"2026-04-03T09:18:18","modified_gmt":"2026-04-03T07:18:18","slug":"charge-daffaires-junior-defense-f-h","status":"publish","type":"job-offers","link":"https:\/\/dedienne-aero.com\/es\/job-offers\/charge-daffaires-junior-defense-f-h\/","title":{"rendered":"Charg\u00e9 d&#8217;Affaires Junior \u2013 D\u00e9fense (F\/H)"},"content":{"rendered":"<p><strong>\/\/\/\/\/\/ CONTEXTE :<\/strong><\/p>\n\n\n\n<p>Sous la responsabilit\u00e9 du Charg\u00e9 d&#8217;Affaires Senior D\u00e9fense, vous \u00eates en charge de la relation technico-commerciale avec un client de l&#8217;activit\u00e9 D\u00e9fense en mati\u00e8re de produits neufs et de pi\u00e8ces de rechange.<\/p>\n\n\n\n<p>Vous \u00e9tudiez, chiffrez et proposez l&#8217;ensemble des solutions techniques adapt\u00e9es \u00e0 leurs besoins, selon les comp\u00e9tences, les capacit\u00e9s et les objectifs de performance de Dedienne Aerospace.<\/p>\n\n\n\n<p><\/p>\n\n\n\n<p><strong>\/\/\/\/\/\/ DESCRIPTION :<\/strong><\/p>\n\n\n\n<p>Votre mission s\u2019articulera autour des activit\u00e9s suivantes :<\/p>\n\n\n\n<p>\u2022 Analyser les listes de pi\u00e8ces de rechanges, suivre les commandes et g\u00e9rer les obsolescences<\/p>\n\n\n\n<p>\u2022 Analyser les cahiers des charges et les besoins exprim\u00e9s par le Client, en mati\u00e8re d&#8217;outillages neufs, \u00e9valuer la faisabilit\u00e9 en termes de budget et de qualit\u00e9.<\/p>\n\n\n\n<p>\u2022 Etablir le devis en ad\u00e9quation avec les objectifs de rentabilit\u00e9, d\u00e9finir et r\u00e9diger l\u2019offre technico-commerciale, discuter les termes et conditions d&#8217;intervention avec le Client.<\/p>\n\n\n\n<p>\u2022 Organiser le suivi des projets Clients avec les diff\u00e9rents intervenants internes : suivi des besoins clients, planification des approvisionnements, r\u00e9alisation de la 1\u00e8re mise en service.<\/p>\n\n\n\n<p>\u2022 Piloter le suivi de la gestion d&#8217;affaires (mise \u00e0 jour des prix, fichier de budget par affaire, analyse des \u00e9carts&#8230;) et renseigner les donn\u00e9es de l\u2019ERP et les documents internes en cons\u00e9quence.<\/p>\n\n\n\n<p>\u2022 Apporter une expertise technique aux \u00e9quipes de l&#8217;activit\u00e9 D\u00e9fense, intervenir dans la r\u00e9solution technique de probl\u00e9matiques sur les Produits Neufs.<\/p>\n\n\n\n<p><\/p>\n\n\n\n<p><strong>\/\/\/\/\/\/ PROFIL :<\/strong><\/p>\n\n\n\n<p>Issu(e) d\u2019un dipl\u00f4me d\u2019ing\u00e9nieur g\u00e9n\u00e9raliste ou \u00e0 dominante \u00e9lectrique ou hydraulique, vous t\u00e9moignez id\u00e9alement d\u2019une exp\u00e9rience de 2 ans en suivi d\u2019affaires, r\u00e9daction de cahiers des charges et d\u2019offre technico commerciale.<\/p>\n\n\n\n<p>Vous \u00eates d\u2019un naturel curieux, m\u00e9thodique, flexible, vous aimez le travail d\u2019\u00e9quipe et vous avez un bon sens du relationnel.<\/p>\n\n\n\n<p>Vous \u00eates pr\u00eat \u00e0 vous investir pleinement dans des projets vari\u00e9s et vous d\u00e9placer, en moyenne 1 fois\/mois, sur site pour \u00e9tudier au mieux, les besoins du client.<\/p>\n\n\n\n<p><\/p>\n\n\n\n<p><strong><em>\/\/\/\/\/\/ <\/em>CONDITIONS :<\/strong><\/p>\n\n\n\n<p>Localisation: Toulouse (31)<\/p>\n\n\n\n<p>Contrat : CDI \u2013 Statut Cadre<\/p>\n\n\n\n<p>Prise de poste : D\u00e8s que possible<\/p>","protected":false},"featured_media":0,"template":"","locations":[704],"class_list":["post-128657","job-offers","type-job-offers","status-publish","hentry","locations-europe"],"acf":[],"yoast_head":"<!-- This site is optimized with the Yoast SEO plugin v24.2 - https:\/\/yoast.com\/wordpress\/plugins\/seo\/ -->\n<title>Charg\u00e9 d&#039;Affaires Junior \u2013 D\u00e9fense (F\/H) | Dedienne Aerospace<\/title>\n<meta name=\"robots\" content=\"index, follow, max-snippet:-1, max-image-preview:large, max-video-preview:-1\" \/>\n<link rel=\"canonical\" href=\"https:\/\/dedienne-aero.com\/es\/job-offers\/charge-daffaires-junior-defense-f-h\/\" \/>\n<meta property=\"og:locale\" content=\"es_ES\" \/>\n<meta property=\"og:type\" content=\"article\" \/>\n<meta property=\"og:title\" content=\"Charg\u00e9 d&#039;Affaires Junior \u2013 D\u00e9fense (F\/H) | Dedienne Aerospace\" \/>\n<meta property=\"og:description\" content=\"\/\/\/\/\/\/ CONTEXTE : Sous la responsabilit\u00e9 du Charg\u00e9 d&#8217;Affaires Senior D\u00e9fense, vous \u00eates en charge de la relation technico-commerciale avec un client de l&#8217;activit\u00e9 D\u00e9fense en mati\u00e8re de produits neufs et de pi\u00e8ces de rechange. Vous \u00e9tudiez, chiffrez et proposez l&#8217;ensemble des solutions techniques adapt\u00e9es \u00e0 leurs besoins, selon les comp\u00e9tences, les capacit\u00e9s et les [&hellip;]\" \/>\n<meta property=\"og:url\" content=\"https:\/\/dedienne-aero.com\/es\/job-offers\/charge-daffaires-junior-defense-f-h\/\" \/>\n<meta property=\"og:site_name\" content=\"Dedienne Aerospace\" \/>\n<meta property=\"article:publisher\" content=\"https:\/\/www.facebook.com\/Dedienne-Aerospace-1686513681365758\/\" \/>\n<meta property=\"article:modified_time\" content=\"2026-04-03T07:18:18+00:00\" \/>\n<meta property=\"og:image\" content=\"https:\/\/dedienne-aero.com\/wp-content\/uploads\/2021\/07\/logo-Dedienne-aerospace.png\" \/>\n\t<meta property=\"og:image:width\" content=\"283\" \/>\n\t<meta property=\"og:image:height\" content=\"83\" \/>\n\t<meta property=\"og:image:type\" content=\"image\/png\" \/>\n<meta name=\"twitter:card\" content=\"summary_large_image\" \/>\n<meta name=\"twitter:label1\" content=\"Tiempo de lectura\" \/>\n\t<meta name=\"twitter:data1\" content=\"2 minutos\" \/>\n<!-- \/ Yoast SEO plugin. -->","yoast_head_json":{"title":"Charg\u00e9 d'Affaires Junior \u2013 D\u00e9fense (F\/H) | Dedienne Aerospace","robots":{"index":"index","follow":"follow","max-snippet":"max-snippet:-1","max-image-preview":"max-image-preview:large","max-video-preview":"max-video-preview:-1"},"canonical":"https:\/\/dedienne-aero.com\/es\/job-offers\/charge-daffaires-junior-defense-f-h\/","og_locale":"es_ES","og_type":"article","og_title":"Charg\u00e9 d'Affaires Junior \u2013 D\u00e9fense (F\/H) | Dedienne Aerospace","og_description":"\/\/\/\/\/\/ CONTEXTE : Sous la responsabilit\u00e9 du Charg\u00e9 d&#8217;Affaires Senior D\u00e9fense, vous \u00eates en charge de la relation technico-commerciale avec un client de l&#8217;activit\u00e9 D\u00e9fense en mati\u00e8re de produits neufs et de pi\u00e8ces de rechange. Vous \u00e9tudiez, chiffrez et proposez l&#8217;ensemble des solutions techniques adapt\u00e9es \u00e0 leurs besoins, selon les comp\u00e9tences, les capacit\u00e9s et les [&hellip;]","og_url":"https:\/\/dedienne-aero.com\/es\/job-offers\/charge-daffaires-junior-defense-f-h\/","og_site_name":"Dedienne Aerospace","article_publisher":"https:\/\/www.facebook.com\/Dedienne-Aerospace-1686513681365758\/","article_modified_time":"2026-04-03T07:18:18+00:00","og_image":[{"width":283,"height":83,"url":"https:\/\/dedienne-aero.com\/wp-content\/uploads\/2021\/07\/logo-Dedienne-aerospace.png","type":"image\/png"}],"twitter_card":"summary_large_image","twitter_misc":{"Tiempo de lectura":"2 minutos"},"schema":{"@context":"https:\/\/schema.org","@graph":[{"@type":"WebPage","@id":"https:\/\/dedienne-aero.com\/job-offers\/charge-daffaires-junior-defense-f-h\/","url":"https:\/\/dedienne-aero.com\/job-offers\/charge-daffaires-junior-defense-f-h\/","name":"Charg\u00e9 d'Affaires Junior \u2013 D\u00e9fense (F\/H) | Dedienne Aerospace","isPartOf":{"@id":"https:\/\/dedienne-aero.com\/#website"},"datePublished":"2026-04-03T07:18:16+00:00","dateModified":"2026-04-03T07:18:18+00:00","breadcrumb":{"@id":"https:\/\/dedienne-aero.com\/job-offers\/charge-daffaires-junior-defense-f-h\/#breadcrumb"},"inLanguage":"es","potentialAction":[{"@type":"ReadAction","target":["https:\/\/dedienne-aero.com\/job-offers\/charge-daffaires-junior-defense-f-h\/"]}]},{"@type":"BreadcrumbList","@id":"https:\/\/dedienne-aero.com\/job-offers\/charge-daffaires-junior-defense-f-h\/#breadcrumb","itemListElement":[{"@type":"ListItem","position":1,"name":"Home","item":"https:\/\/dedienne-aero.com\/"},{"@type":"ListItem","position":2,"name":"Charg\u00e9 d&#8217;Affaires Junior \u2013 D\u00e9fense (F\/H)"}]},{"@type":"WebSite","@id":"https:\/\/dedienne-aero.com\/#website","url":"https:\/\/dedienne-aero.com\/","name":"dedienne-aero.com","description":"Aircraft tooling, Engine Stands, engine tooling, GSE and tooling services by Dedienne Aerospace","publisher":{"@id":"https:\/\/dedienne-aero.com\/#organization"},"alternateName":"Dedienne-aero","potentialAction":[{"@type":"SearchAction","target":{"@type":"EntryPoint","urlTemplate":"https:\/\/dedienne-aero.com\/?s={search_term_string}"},"query-input":{"@type":"PropertyValueSpecification","valueRequired":true,"valueName":"search_term_string"}}],"inLanguage":"es"},{"@type":"Organization","@id":"https:\/\/dedienne-aero.com\/#organization","name":"Dedienne Aerospace","alternateName":"Dedienne-aero","url":"https:\/\/dedienne-aero.com\/","logo":{"@type":"ImageObject","inLanguage":"es","@id":"https:\/\/dedienne-aero.com\/#\/schema\/logo\/image\/","url":"https:\/\/dedienne-aero.com\/wp-content\/uploads\/2021\/11\/logo-Dedienne-aerospace.png","contentUrl":"https:\/\/dedienne-aero.com\/wp-content\/uploads\/2021\/11\/logo-Dedienne-aerospace.png","width":283,"height":83,"caption":"Dedienne Aerospace"},"image":{"@id":"https:\/\/dedienne-aero.com\/#\/schema\/logo\/image\/"},"sameAs":["https:\/\/www.facebook.com\/Dedienne-Aerospace-1686513681365758\/","https:\/\/www.instagram.com\/dedienneaerospace\/","https:\/\/www.linkedin.com\/company\/dedienne-aerospace\/?originalSubdomain=fr"]}]}},"_links":{"self":[{"href":"https:\/\/dedienne-aero.com\/es\/wp-json\/wp\/v2\/job-offers\/128657","targetHints":{"allow":["GET"]}}],"collection":[{"href":"https:\/\/dedienne-aero.com\/es\/wp-json\/wp\/v2\/job-offers"}],"about":[{"href":"https:\/\/dedienne-aero.com\/es\/wp-json\/wp\/v2\/types\/job-offers"}],"wp:attachment":[{"href":"https:\/\/dedienne-aero.com\/es\/wp-json\/wp\/v2\/media?parent=128657"}],"wp:term":[{"taxonomy":"locations","embeddable":true,"href":"https:\/\/dedienne-aero.com\/es\/wp-json\/wp\/v2\/locations?post=128657"}],"curies":[{"name":"wp","href":"https:\/\/api.w.org\/{rel}","templated":true}]}}